{"id":15377,"date":"2021-12-16T11:41:10","date_gmt":"2021-12-16T10:41:10","guid":{"rendered":"https:\/\/svat.aretis.ch\/?page_id=15377"},"modified":"2023-11-07T08:28:19","modified_gmt":"2023-11-07T07:28:19","slug":"artikel-aus-dem-aktiv","status":"publish","type":"page","link":"https:\/\/svat.ch\/it\/rund-um-den-beruf\/artikel-aus-dem-aktiv\/","title":{"rendered":"Articolo da \"aktiv"},"content":{"rendered":"<style type=\"text\/css\" data-created_by=\"avia_inline_auto\" id=\"style-css-av-30xqkc4-3209b7c59144bdd7887978bf2aff3aa7\">\n.avia-section.av-30xqkc4-3209b7c59144bdd7887978bf2aff3aa7{\nbackground-color:#ffffff;\nbackground-image:unset;\n}\n<\/style>\n<div id='av_section_1'  class='avia-section av-30xqkc4-3209b7c59144bdd7887978bf2aff3aa7 alternate_color avia-section-huge avia-shadow  avia-builder-el-0  el_before_av_section  avia-builder-el-first  avia-bg-style-scroll container_wrap fullsize'  ><div class='container av-section-cont-open' ><main  class='template-page content  av-content-full alpha units'><div class='post-entry post-entry-type-page post-entry-15377'><div class='entry-content-wrapper clearfix'>\n\n<style type=\"text\/css\" data-created_by=\"avia_inline_auto\" id=\"style-css-av-kxbqn3nh-de20efe5b002f859675051ab88ec4432\">\n#top .av-special-heading.av-kxbqn3nh-de20efe5b002f859675051ab88ec4432{\npadding-bottom:30px;\n}\nbody .av-special-heading.av-kxbqn3nh-de20efe5b002f859675051ab88ec4432 .av-special-heading-tag .heading-char{\nfont-size:25px;\n}\n.av-special-heading.av-kxbqn3nh-de20efe5b002f859675051ab88ec4432 .av-subheading{\nfont-size:30px;\n}\n<\/style>\n<div  class='av-special-heading av-kxbqn3nh-de20efe5b002f859675051ab88ec4432 av-special-heading-h1 blockquote modern-quote modern-centered  avia-builder-el-1  el_before_av_hr  avia-builder-el-first  av-linked-heading'><h1 class='av-special-heading-tag'  >Articoli professionali<\/h1><div class='av-subheading av-subheading_below'><p>Estratti dalla rivista dell'associazione \"aktiv<\/p>\n<\/div><div class=\"special-heading-border\"><div class=\"special-heading-inner-border\"><\/div><\/div><\/div>\n\n<style type=\"text\/css\" data-created_by=\"avia_inline_auto\" id=\"style-css-av-wmo4xo-2036e54e9507e8f2d908fba66691bc07\">\n#top .hr.av-wmo4xo-2036e54e9507e8f2d908fba66691bc07{\nmargin-top:30px;\nmargin-bottom:30px;\n}\n.hr.av-wmo4xo-2036e54e9507e8f2d908fba66691bc07 .hr-inner{\nwidth:150px;\nborder-color:#cccccc;\nmax-width:45%;\n}\n.hr.av-wmo4xo-2036e54e9507e8f2d908fba66691bc07 .av-seperator-icon{\ncolor:#52ae2f;\n}\n.hr.av-wmo4xo-2036e54e9507e8f2d908fba66691bc07 .av-seperator-icon.avia-svg-icon svg:first-child{\nfill:#52ae2f;\nstroke:#52ae2f;\n}\n<\/style>\n<div  class='hr av-wmo4xo-2036e54e9507e8f2d908fba66691bc07 hr-custom  avia-builder-el-2  el_after_av_heading  el_before_av_one_half  trennlinie_punkt hr-center hr-icon-yes'><span class='hr-inner inner-border-av-border-thin'><span class=\"hr-inner-style\"><\/span><\/span><span class='av-seperator-icon avia-iconfont avia-font-entypo-fontello' data-av_icon='\ue8ae' data-av_iconfont='entypo-fontello' ><\/span><span class='hr-inner inner-border-av-border-thin'><span class=\"hr-inner-style\"><\/span><\/span><\/div>\n<div class='flex_column_table av-6pupi-26f9b4391e273ffa3f2879a7b49568ec sc-av_one_half av-break-at-tablet-flextable av-equal-height-column-flextable'>\n<style type=\"text\/css\" data-created_by=\"avia_inline_auto\" id=\"style-css-av-6pupi-26f9b4391e273ffa3f2879a7b49568ec\">\n.flex_column.av-6pupi-26f9b4391e273ffa3f2879a7b49568ec{\nborder-width:1px;\nborder-style:solid;\nborder-radius:0px 0px 0px 0px;\npadding:35px 35px 35px 35px;\nbackground-color:#f9f9f9;\n}\n<\/style>\n<div  class='flex_column av-6pupi-26f9b4391e273ffa3f2879a7b49568ec av_one_half  avia-builder-el-3  el_after_av_hr  el_before_av_one_half  first av-break-at-tablet flex_column_table_cell av-equal-height-column av-align-top av-animated-generic pop-up'     ><p>\n<style type=\"text\/css\" data-created_by=\"avia_inline_auto\" id=\"style-css-av-kx8yrnnw-8269c1ece6f0bcfa2483c5029daa6570\">\n.av_font_icon.av-kx8yrnnw-8269c1ece6f0bcfa2483c5029daa6570 .av-icon-char{\nfont-size:40px;\nline-height:40px;\n}\n<\/style>\n<span  class='av_font_icon av-kx8yrnnw-8269c1ece6f0bcfa2483c5029daa6570 avia_animate_when_visible av-icon-style- avia-icon-pos-center avia-iconfont avia-font-entypo-fontello av-no-color avia-icon-animate'><span class='av-icon-char' data-av_icon='\ue82d' data-av_iconfont='entypo-fontello' aria-hidden=\"true\" ><\/span><\/span><br \/>\n\n<style type=\"text\/css\" data-created_by=\"avia_inline_auto\" id=\"style-css-av-57hq9d-8a3e760cf909decc9481e6b6a29ce513\">\n#top .av-special-heading.av-57hq9d-8a3e760cf909decc9481e6b6a29ce513{\nmargin:7px 7px 7px 7px;\npadding-bottom:0;\n}\nbody .av-special-heading.av-57hq9d-8a3e760cf909decc9481e6b6a29ce513 .av-special-heading-tag .heading-char{\nfont-size:25px;\n}\n.av-special-heading.av-57hq9d-8a3e760cf909decc9481e6b6a29ce513 .av-subheading{\nfont-size:15px;\n}\n<\/style>\n<div  class='av-special-heading av-57hq9d-8a3e760cf909decc9481e6b6a29ce513 av-special-heading-h4  avia-builder-el-5  el_after_av_font_icon  el_before_av_iconlist  av-linked-heading'><h4 class='av-special-heading-tag'  >Edizione 03\/2023<\/h4><div class=\"special-heading-border\"><div class=\"special-heading-inner-border\"><\/div><\/div><\/div><br \/>\n\n<style type=\"text\/css\" data-created_by=\"avia_inline_auto\" id=\"style-css-av-kx8ycgl3-d718186c000921264c3e5c3c216388e6\">\n#top .avia-icon-list-container.av-kx8ycgl3-d718186c000921264c3e5c3c216388e6 .iconlist_icon{\ncolor:#ffffff;\nbackground-color:#52ae2f;\nborder:1px solid #52ae2f;\nfont-size:19px;\n}\n#top .avia-icon-list-container.av-kx8ycgl3-d718186c000921264c3e5c3c216388e6 .iconlist_icon svg:first-child{\nstroke:#ffffff;\nfill:#ffffff;\nheight:19px;\nwidth:19px;\n}\n#top #wrap_all .avia-icon-list-container.av-kx8ycgl3-d718186c000921264c3e5c3c216388e6 .av_iconlist_title{\nfont-size:19px;\n}\n<\/style>\n<div  class='avia-icon-list-container av-kx8ycgl3-d718186c000921264c3e5c3c216388e6  avia-builder-el-6  el_after_av_heading  avia-builder-el-last'><ul class='avia-icon-list avia_animate_when_almost_visible avia-icon-list-left av-iconlist-small av-kx8ycgl3-d718186c000921264c3e5c3c216388e6 avia-iconlist-animate'>\n<li><a href='https:\/\/svat.ch\/wp-content\/uploads\/Seiten-aus-SVAT_aktiv_03-2023_GzD2-3_Kaspar_Fabian.pdf' title='Costruire comunit\u00e0 per un lavoro di successo nello spazio sociale'  target=\"_blank\"  rel=\"noopener noreferrer\" class='iconlist_icon av-3ld0xox-109dab5479080eb37bce7363734cca94 avia-font-entypo-fontello avia-iconfont avia-font-entypo-fontello'><span class='av-icon-char' data-av_icon='\ue875' data-av_iconfont='entypo-fontello' aria-hidden=\"true\"><\/span><\/a><article class=\"article-icon-entry\" ><div class=\"iconlist_content_wrap\"><header class=\"entry-content-header\" aria-label=\"Icona: &lt;a href=&#039;https:\/\/svat.ch\/wp-content\/uploads\/Seiten-aus-SVAT_aktiv_03-2023_GzD2-3_Kaspar_Fabian.pdf&#039; title=&#039;Costruire comunit&agrave; per un lavoro di successo nello spazio sociale&#039; target=&quot;_blank&quot;  rel=&quot;noopener noreferrer&quot;&gt;Costruire comunit&agrave; per un lavoro di successo nello spazio sociale&lt;\/a&gt;\"><div class='av_iconlist_title iconlist_title_small' ><a href='https:\/\/svat.ch\/wp-content\/uploads\/Seiten-aus-SVAT_aktiv_03-2023_GzD2-3_Kaspar_Fabian.pdf' title='Costruire comunit\u00e0 per un lavoro di successo nello spazio sociale' target=\"_blank\"  rel=\"noopener noreferrer\">Costruire comunit\u00e0 per un lavoro di successo nello spazio sociale<\/a><\/div><\/header><div class='iconlist_content' ><p>Contributo di Heidi Kaspar e Carlo Fabian<\/p>\n<p><a href=\"https:\/\/svat.ch\/wp-content\/uploads\/2023_03_Literaturverzeichnis.pdf\" target=\"_blank\" rel=\"noopener\">Bibliografia<\/a><\/p>\n<\/div><\/div><footer class=\"entry-footer\"><\/footer><\/article><div class=\"iconlist-timeline\"><\/div><\/li>\n<\/ul><\/div><\/p><\/div><div class='av-flex-placeholder'><\/div>\n<style type=\"text\/css\" data-created_by=\"avia_inline_auto\" id=\"style-css-av-3tpiepd-b71b13f1908a5fd5c141184bff3e1665\">\n.flex_column.av-3tpiepd-b71b13f1908a5fd5c141184bff3e1665{\nborder-width:1px;\nborder-style:solid;\nborder-radius:0px 0px 0px 0px;\npadding:35px 35px 35px 35px;\nbackground-color:#f9f9f9;\n}\n<\/style>\n<div  class='flex_column av-3tpiepd-b71b13f1908a5fd5c141184bff3e1665 av_one_half  avia-builder-el-7  el_after_av_one_half  el_before_av_one_half  av-break-at-tablet flex_column_table_cell av-equal-height-column av-align-top av-animated-generic pop-up'     ><p>\n<style type=\"text\/css\" data-created_by=\"avia_inline_auto\" id=\"style-css-av-3cn32ep-8e250ebdbbc9dcb527243fa8af0b3072\">\n.av_font_icon.av-3cn32ep-8e250ebdbbc9dcb527243fa8af0b3072 .av-icon-char{\nfont-size:40px;\nline-height:40px;\n}\n<\/style>\n<span  class='av_font_icon av-3cn32ep-8e250ebdbbc9dcb527243fa8af0b3072 avia_animate_when_visible av-icon-style- avia-icon-pos-center avia-iconfont avia-font-entypo-fontello av-no-color avia-icon-animate'><span class='av-icon-char' data-av_icon='\ue82d' data-av_iconfont='entypo-fontello' aria-hidden=\"true\" ><\/span><\/span><br \/>\n\n<style type=\"text\/css\" data-created_by=\"avia_inline_auto\" id=\"style-css-av-2w4ubip-2a468f1e986f9c3d4c0549da2455fb1d\">\n#top .av-special-heading.av-2w4ubip-2a468f1e986f9c3d4c0549da2455fb1d{\nmargin:7px 7px 7px 7px;\npadding-bottom:0;\n}\nbody .av-special-heading.av-2w4ubip-2a468f1e986f9c3d4c0549da2455fb1d .av-special-heading-tag .heading-char{\nfont-size:25px;\n}\n.av-special-heading.av-2w4ubip-2a468f1e986f9c3d4c0549da2455fb1d .av-subheading{\nfont-size:15px;\n}\n<\/style>\n<div  class='av-special-heading av-2w4ubip-2a468f1e986f9c3d4c0549da2455fb1d av-special-heading-h4  avia-builder-el-9  el_after_av_font_icon  el_before_av_iconlist  av-linked-heading'><h4 class='av-special-heading-tag'  >Edizione 03\/2021<\/h4><div class=\"special-heading-border\"><div class=\"special-heading-inner-border\"><\/div><\/div><\/div><br \/>\n\n<style type=\"text\/css\" data-created_by=\"avia_inline_auto\" id=\"style-css-av-2m9vonl-b8be20ebc65a87c556b452e58123efad\">\n#top .avia-icon-list-container.av-2m9vonl-b8be20ebc65a87c556b452e58123efad .iconlist_icon{\ncolor:#ffffff;\nbackground-color:#52ae2f;\nborder:1px solid #52ae2f;\nfont-size:19px;\n}\n#top .avia-icon-list-container.av-2m9vonl-b8be20ebc65a87c556b452e58123efad .iconlist_icon svg:first-child{\nstroke:#ffffff;\nfill:#ffffff;\nheight:19px;\nwidth:19px;\n}\n#top #wrap_all .avia-icon-list-container.av-2m9vonl-b8be20ebc65a87c556b452e58123efad .av_iconlist_title{\nfont-size:19px;\n}\n<\/style>\n<div  class='avia-icon-list-container av-2m9vonl-b8be20ebc65a87c556b452e58123efad  avia-builder-el-10  el_after_av_heading  el_before_av_heading'><ul class='avia-icon-list avia_animate_when_almost_visible avia-icon-list-left av-iconlist-small av-2m9vonl-b8be20ebc65a87c556b452e58123efad avia-iconlist-animate'>\n<li><a href='https:\/\/svat.ch\/wp-content\/uploads\/7-Fragen.pdf' title='Intervista - 7 domande per i politici &quot;'  target=\"_blank\"  rel=\"noopener noreferrer\" class='iconlist_icon av-t050x-4a2cb6fc3505ecd89c2016d76df51522 avia-font-entypo-fontello avia-iconfont avia-font-entypo-fontello'><span class='av-icon-char' data-av_icon='\ue875' data-av_iconfont='entypo-fontello' aria-hidden=\"true\"><\/span><\/a><article class=\"article-icon-entry\" ><div class=\"iconlist_content_wrap\"><header class=\"entry-content-header\" aria-label=\"Icona: &lt;a href=&#039;https:\/\/svat.ch\/wp-content\/uploads\/7-Fragen.pdf&#039; title=&#039;Intervista - 7 domande per i politici &amp;quot;&#039; target=&quot;_blank&quot;  rel=&quot;noopener noreferrer&quot;&gt;Intervista - 7 domande per i politici &quot;&lt;\/a&gt;\"><div class='av_iconlist_title iconlist_title_small' ><a href='https:\/\/svat.ch\/wp-content\/uploads\/7-Fragen.pdf' title='Intervista - 7 domande per i politici &quot;' target=\"_blank\"  rel=\"noopener noreferrer\">Intervista - 7 domande per i politici \"<\/a><\/div><\/header><div class='iconlist_content' ><p>7 domande ai politici: Franziska Teuscher, Marina Carobbio, Josef Widler<\/p>\n<\/div><\/div><footer class=\"entry-footer\"><\/footer><\/article><div class=\"iconlist-timeline\"><\/div><\/li>\n<\/ul><\/div><br \/>\n\n<style type=\"text\/css\" data-created_by=\"avia_inline_auto\" id=\"style-css-av-1nqx10x-f6cc30f0b880ecade80d846d50dff88d\">\n#top .av-special-heading.av-1nqx10x-f6cc30f0b880ecade80d846d50dff88d{\nmargin:7px 7px 7px 7px;\npadding-bottom:0;\n}\nbody .av-special-heading.av-1nqx10x-f6cc30f0b880ecade80d846d50dff88d .av-special-heading-tag .heading-char{\nfont-size:25px;\n}\n.av-special-heading.av-1nqx10x-f6cc30f0b880ecade80d846d50dff88d .av-subheading{\nfont-size:15px;\n}\n<\/style>\n<div  class='av-special-heading av-1nqx10x-f6cc30f0b880ecade80d846d50dff88d av-special-heading-h4  avia-builder-el-11  el_after_av_iconlist  el_before_av_iconlist  av-linked-heading'><h4 class='av-special-heading-tag'  >Edizione 01\/2021<\/h4><div class=\"special-heading-border\"><div class=\"special-heading-inner-border\"><\/div><\/div><\/div><br \/>\n\n<style type=\"text\/css\" data-created_by=\"avia_inline_auto\" id=\"style-css-av-18mi9gx-03d90667f8cfd6e3c90740d661ab7af5\">\n#top .avia-icon-list-container.av-18mi9gx-03d90667f8cfd6e3c90740d661ab7af5 .iconlist_icon{\ncolor:#ffffff;\nbackground-color:#52ae2f;\nborder:1px solid #52ae2f;\nfont-size:19px;\n}\n#top .avia-icon-list-container.av-18mi9gx-03d90667f8cfd6e3c90740d661ab7af5 .iconlist_icon svg:first-child{\nstroke:#ffffff;\nfill:#ffffff;\nheight:19px;\nwidth:19px;\n}\n#top #wrap_all .avia-icon-list-container.av-18mi9gx-03d90667f8cfd6e3c90740d661ab7af5 .av_iconlist_title{\nfont-size:19px;\n}\n<\/style>\n<div  class='avia-icon-list-container av-18mi9gx-03d90667f8cfd6e3c90740d661ab7af5  avia-builder-el-12  el_after_av_heading  avia-builder-el-last'><ul class='avia-icon-list avia_animate_when_almost_visible avia-icon-list-left av-iconlist-small av-18mi9gx-03d90667f8cfd6e3c90740d661ab7af5 avia-iconlist-animate'>\n<li><a href='https:\/\/svat.ch\/wp-content\/uploads\/studie.pdf' title='Studio - Lavoro con i parenti nella cura &quot;'  target=\"_blank\"  rel=\"noopener noreferrer\" class='iconlist_icon av-snyypd-8f8375c4d8fc098d1023ca90ae7c4d02 avia-font-entypo-fontello avia-iconfont avia-font-entypo-fontello'><span class='av-icon-char' data-av_icon='\ue875' data-av_iconfont='entypo-fontello' aria-hidden=\"true\"><\/span><\/a><article class=\"article-icon-entry\" ><div class=\"iconlist_content_wrap\"><header class=\"entry-content-header\" aria-label=\"Icona: &lt;a href=&#039;https:\/\/svat.ch\/wp-content\/uploads\/studie.pdf&#039; title=&#039;Studio - Lavoro con i parenti nella cura &amp;quot;&#039; target=&quot;_blank&quot;  rel=&quot;noopener noreferrer&quot;&gt;Studio - Lavoro con i parenti nella cura &quot;&lt;\/a&gt;\"><div class='av_iconlist_title iconlist_title_small' ><a href='https:\/\/svat.ch\/wp-content\/uploads\/studie.pdf' title='Studio - Lavoro con i parenti nella cura &quot;' target=\"_blank\"  rel=\"noopener noreferrer\">Studio - Lavoro con i parenti nella cura \"<\/a><\/div><\/header><div class='iconlist_content' ><p><strong>Istituto della Diversit\u00e0 e Dipartimento di Lavoro Sociale della ZHAW<\/strong><\/p>\n<p>Studio: buon lavoro con i parenti nelle cure ospedaliere e intermedie e nell'assistenza agli anziani (2020 - 2022)<\/p>\n<\/div><\/div><footer class=\"entry-footer\"><\/footer><\/article><div class=\"iconlist-timeline\"><\/div><\/li>\n<\/ul><\/div><\/p><\/div><\/div><!--close column table wrapper. Autoclose: 1 --><div class='flex_column_table av-6pupi-11-9c65ac40f5a3fc29a888e46c646945fd sc-av_one_half av-break-at-tablet-flextable av-equal-height-column-flextable'>\n<style type=\"text\/css\" data-created_by=\"avia_inline_auto\" id=\"style-css-av-6pupi-11-9c65ac40f5a3fc29a888e46c646945fd\">\n.flex_column.av-6pupi-11-9c65ac40f5a3fc29a888e46c646945fd{\nborder-width:1px;\nborder-style:solid;\nborder-radius:0px 0px 0px 0px;\npadding:35px 35px 35px 35px;\nbackground-color:#f9f9f9;\n}\n<\/style>\n<div  class='flex_column av-6pupi-11-9c65ac40f5a3fc29a888e46c646945fd av_one_half  avia-builder-el-13  el_after_av_one_half  avia-builder-el-last  first av-break-at-tablet flex_column_table_cell av-equal-height-column av-align-top av-animated-generic pop-up  column-top-margin'     ><p>\n<style type=\"text\/css\" data-created_by=\"avia_inline_auto\" id=\"style-css-av-kx8yrnnw-10-1630bf08943a4064886e045450dd557e\">\n.av_font_icon.av-kx8yrnnw-10-1630bf08943a4064886e045450dd557e .av-icon-char{\nfont-size:40px;\nline-height:40px;\n}\n<\/style>\n<span  class='av_font_icon av-kx8yrnnw-10-1630bf08943a4064886e045450dd557e avia_animate_when_visible av-icon-style- avia-icon-pos-center avia-iconfont avia-font-entypo-fontello av-no-color avia-icon-animate'><span class='av-icon-char' data-av_icon='\ue82d' data-av_iconfont='entypo-fontello' aria-hidden=\"true\" ><\/span><\/span><br \/>\n\n<style type=\"text\/css\" data-created_by=\"avia_inline_auto\" id=\"style-css-av-30jng1-d0f28cead2f308179c8bca32240f1932\">\n#top .av-special-heading.av-30jng1-d0f28cead2f308179c8bca32240f1932{\npadding-bottom:10px;\n}\nbody .av-special-heading.av-30jng1-d0f28cead2f308179c8bca32240f1932 .av-special-heading-tag .heading-char{\nfont-size:25px;\n}\n.av-special-heading.av-30jng1-d0f28cead2f308179c8bca32240f1932 .av-subheading{\nfont-size:15px;\n}\n<\/style>\n<div  class='av-special-heading av-30jng1-d0f28cead2f308179c8bca32240f1932 av-special-heading-h4  avia-builder-el-15  el_after_av_font_icon  el_before_av_iconlist  av-linked-heading'><h4 class='av-special-heading-tag'  >Edizione 03\/2020<\/h4><div class=\"special-heading-border\"><div class=\"special-heading-inner-border\"><\/div><\/div><\/div><br \/>\n\n<style type=\"text\/css\" data-created_by=\"avia_inline_auto\" id=\"style-css-av-kx8ycgl3-9-a4a6f4a9fa1ad720a52a49b6d526b640\">\n#top .avia-icon-list-container.av-kx8ycgl3-9-a4a6f4a9fa1ad720a52a49b6d526b640 .iconlist_icon{\ncolor:#ffffff;\nbackground-color:#52ae2f;\nborder:1px solid #52ae2f;\nfont-size:19px;\n}\n#top .avia-icon-list-container.av-kx8ycgl3-9-a4a6f4a9fa1ad720a52a49b6d526b640 .iconlist_icon svg:first-child{\nstroke:#ffffff;\nfill:#ffffff;\nheight:19px;\nwidth:19px;\n}\n#top #wrap_all .avia-icon-list-container.av-kx8ycgl3-9-a4a6f4a9fa1ad720a52a49b6d526b640 .av_iconlist_title{\nfont-size:19px;\n}\n<\/style>\n<div  class='avia-icon-list-container av-kx8ycgl3-9-a4a6f4a9fa1ad720a52a49b6d526b640  avia-builder-el-16  el_after_av_heading  avia-builder-el-last'><ul class='avia-icon-list avia_animate_when_almost_visible avia-icon-list-left av-iconlist-small av-kx8ycgl3-9-a4a6f4a9fa1ad720a52a49b6d526b640 avia-iconlist-animate'>\n<li><a href='https:\/\/svat.ch\/wp-content\/uploads\/aktivierung.pdf' title='Attivazione - pi\u00f9 importante che mai nella crisi &quot;'  target=\"_blank\"  rel=\"noopener noreferrer\" class='iconlist_icon av-1fgp041-6b7ab09e42b15b938cdf39e507f1c258 avia-font-entypo-fontello avia-iconfont avia-font-entypo-fontello'><span class='av-icon-char' data-av_icon='\ue875' data-av_iconfont='entypo-fontello' aria-hidden=\"true\"><\/span><\/a><article class=\"article-icon-entry\" ><div class=\"iconlist_content_wrap\"><header class=\"entry-content-header\" aria-label=\"Icona: &lt;a href=&#039;https:\/\/svat.ch\/wp-content\/uploads\/aktivierung.pdf&#039; title=&#039;Attivazione - pi&ugrave; importante che mai nella crisi &amp;quot;&#039; target=&quot;_blank&quot;  rel=&quot;noopener noreferrer&quot;&gt;Attivazione - pi&ugrave; importante che mai nella crisi &quot;&lt;\/a&gt;\"><div class='av_iconlist_title iconlist_title_small' ><a href='https:\/\/svat.ch\/wp-content\/uploads\/aktivierung.pdf' title='Attivazione - pi\u00f9 importante che mai nella crisi &quot;' target=\"_blank\"  rel=\"noopener noreferrer\">Attivazione - pi\u00f9 importante che mai nella crisi \"<\/a><\/div><\/header><div class='iconlist_content' ><p><strong>pflegimuri<\/strong><\/p>\n<\/div><\/div><footer class=\"entry-footer\"><\/footer><\/article><div class=\"iconlist-timeline\"><\/div><\/li>\n<li><a href='https:\/\/svat.ch\/wp-content\/uploads\/kioskwagen.pdf' title='Rapporto sul carrello del chiosco Diaconis &quot;'  target=\"_blank\"  rel=\"noopener noreferrer\" class='iconlist_icon av-4r6ga9-7c591978aec3bbde4ca6b0e279e4d3b8 avia-font-entypo-fontello avia-iconfont avia-font-entypo-fontello'><span class='av-icon-char' data-av_icon='\ue875' data-av_iconfont='entypo-fontello' aria-hidden=\"true\"><\/span><\/a><article class=\"article-icon-entry\" ><div class=\"iconlist_content_wrap\"><header class=\"entry-content-header\" aria-label=\"Icona: &lt;a href=&#039;https:\/\/svat.ch\/wp-content\/uploads\/kioskwagen.pdf&#039; title=&#039;Rapporto sul carrello del chiosco Diaconis &amp;quot;&#039; target=&quot;_blank&quot;  rel=&quot;noopener noreferrer&quot;&gt;Rapporto sul carrello del chiosco Diaconis &quot;&lt;\/a&gt;\"><div class='av_iconlist_title iconlist_title_small' ><a href='https:\/\/svat.ch\/wp-content\/uploads\/kioskwagen.pdf' title='Rapporto sul carrello del chiosco Diaconis &quot;' target=\"_blank\"  rel=\"noopener noreferrer\">Rapporto sul carrello del chiosco Diaconis \"<\/a><\/div><\/header><div class='iconlist_content' ><p><strong>Diaconis Berna<\/strong><\/p>\n<\/div><\/div><footer class=\"entry-footer\"><\/footer><\/article><div class=\"iconlist-timeline\"><\/div><\/li>\n<li><a href='https:\/\/svat.ch\/wp-content\/uploads\/covid19.pdf' title='Covid-19, una grande sfida &quot;'  target=\"_blank\"  rel=\"noopener noreferrer\" class='iconlist_icon av-jmf54h-9384fcb8c86f1cc9155b27136a23236f avia-font-entypo-fontello avia-iconfont avia-font-entypo-fontello'><span class='av-icon-char' data-av_icon='\ue875' data-av_iconfont='entypo-fontello' aria-hidden=\"true\"><\/span><\/a><article class=\"article-icon-entry\" ><div class=\"iconlist_content_wrap\"><header class=\"entry-content-header\" aria-label=\"Icona: &lt;a href=&#039;https:\/\/svat.ch\/wp-content\/uploads\/covid19.pdf&#039; title=&#039;Covid-19, una grande sfida &amp;quot;&#039; target=&quot;_blank&quot;  rel=&quot;noopener noreferrer&quot;&gt;Covid-19, una grande sfida &quot;&lt;\/a&gt;\"><div class='av_iconlist_title iconlist_title_small' ><a href='https:\/\/svat.ch\/wp-content\/uploads\/covid19.pdf' title='Covid-19, una grande sfida &quot;' target=\"_blank\"  rel=\"noopener noreferrer\">Covid-19, una grande sfida \"<\/a><\/div><\/header><div class='iconlist_content' ><p><strong>Centro di cura S\u00fcessbach AG<\/strong><\/p>\n<p>Covid-19, una grande sfida, ma anche opportunit\u00e0 per il lavoro di attivazione?<\/p>\n<\/div><\/div><footer class=\"entry-footer\"><\/footer><\/article><div class=\"iconlist-timeline\"><\/div><\/li>\n<\/ul><\/div><\/p><\/div><\/div><!--close column table wrapper. Autoclose: 1 --><\/div><\/div><\/main><!-- close content main element --><\/div><\/div><div id='av_section_2'  class='avia-section av-up9f1r-9512cd19dd138cb89ffecf560ff1de73 alternate_color avia-section-default avia-shadow  avia-builder-el-17  el_after_av_section  avia-builder-el-last  avia-bg-style-scroll container_wrap fullsize'  ><div class='container av-section-cont-open' ><div class='template-page content  av-content-full alpha units'><div class='post-entry post-entry-type-page post-entry-15377'><div class='entry-content-wrapper clearfix'>\n<div class='flex_column_table av-kx4wuvir-c802e533143e576af5925e1f733fd3f9 sc-av_one_full av-equal-height-column-flextable'>\n<style type=\"text\/css\" data-created_by=\"avia_inline_auto\" id=\"style-css-av-kx4wuvir-c802e533143e576af5925e1f733fd3f9\">\n.flex_column.av-kx4wuvir-c802e533143e576af5925e1f733fd3f9{\nborder-radius:0px 0px 0px 0px;\npadding:25px 25px 25px 25px;\n}\n<\/style>\n<div  class='flex_column av-kx4wuvir-c802e533143e576af5925e1f733fd3f9 av_one_full  avia-builder-el-18  avia-builder-el-no-sibling  first flex_column_table_cell av-equal-height-column av-align-top av-animated-generic top-to-bottom'     ><style type=\"text\/css\" data-created_by=\"avia_inline_auto\" id=\"style-css-av-kx7jh5lx-13169496751f1ac3956e529bbba7c71e\">\n.av_promobox.av-kx7jh5lx-13169496751f1ac3956e529bbba7c71e{\nbackground:#ffffff;\n}\n<\/style>\n<div  class='av_promobox av-kx7jh5lx-13169496751f1ac3956e529bbba7c71e avia-button-yes  avia-builder-el-19  avia-builder-el-no-sibling'><div class='avia-promocontent'><\/p>\n<h3>Abbonatevi alla rivista dell'associazione \"aktiv<\/h3>\n<div class=\"iconbox_content_container\">\n<p>La rivista \"aktiv\" \u00e8 il nostro strumento centrale di comunicazione. Informa sugli eventi importanti nella terapia di attivazione e viene pubblicato tre volte all'anno.<\/p>\n<\/div>\n<p>\n<\/div><div  class='avia-button-wrap av-kx7jh5lx-53603af6d08798e61cc92e0bd20c5763-wrap avia-button-right'><a href='https:\/\/svat.ch\/it\/verband\/verbandszeitschrift-aktiv\/'  class='avia-button av-kx7jh5lx-53603af6d08798e61cc92e0bd20c5763 av-link-btn avia-icon_select-yes-left-icon avia-size-large avia-position-right avia-color-theme-color'   aria-label=\"Pi\u00f9 informazioni\"><span class='avia_button_icon avia_button_icon_left avia-iconfont avia-font-entypo-fontello' data-av_icon='\ue832' data-av_iconfont='entypo-fontello' ><\/span><span class='avia_iconbox_title' >Pi\u00f9 informazioni<\/span><\/a><\/div><\/div><\/div><\/div><!--close column table wrapper. Autoclose: 1 -->\n<\/p>","protected":false},"excerpt":{"rendered":"","protected":false},"author":1,"featured_media":0,"parent":14723,"menu_order":56,"comment_status":"closed","ping_status":"closed","template":"","meta":{"_seopress_robots_primary_cat":"","_seopress_titles_title":"Wichtige Berufsinformationen in unserer Verbandszeitschrift","_seopress_titles_desc":"Unsere Zeitschrift \u201eaktiv\u201c berichtet \u00fcber fachspezifische Aspekte des Berufs. Interviews, neue Studien und Berichte \u00fcber Aktivit\u00e4ten des Verbands.","_seopress_robots_index":"","footnotes":""},"folder":[],"class_list":["post-15377","page","type-page","status-publish","hentry"],"_links":{"self":[{"href":"https:\/\/svat.ch\/it\/wp-json\/wp\/v2\/pages\/15377","targetHints":{"allow":["GET"]}}],"collection":[{"href":"https:\/\/svat.ch\/it\/wp-json\/wp\/v2\/pages"}],"about":[{"href":"https:\/\/svat.ch\/it\/wp-json\/wp\/v2\/types\/page"}],"author":[{"embeddable":true,"href":"https:\/\/svat.ch\/it\/wp-json\/wp\/v2\/users\/1"}],"replies":[{"embeddable":true,"href":"https:\/\/svat.ch\/it\/wp-json\/wp\/v2\/comments?post=15377"}],"version-history":[{"count":5,"href":"https:\/\/svat.ch\/it\/wp-json\/wp\/v2\/pages\/15377\/revisions"}],"predecessor-version":[{"id":16152,"href":"https:\/\/svat.ch\/it\/wp-json\/wp\/v2\/pages\/15377\/revisions\/16152"}],"up":[{"embeddable":true,"href":"https:\/\/svat.ch\/it\/wp-json\/wp\/v2\/pages\/14723"}],"wp:attachment":[{"href":"https:\/\/svat.ch\/it\/wp-json\/wp\/v2\/media?parent=15377"}],"wp:term":[{"taxonomy":"folder","embeddable":true,"href":"https:\/\/svat.ch\/it\/wp-json\/wp\/v2\/folder?post=15377"}],"curies":[{"name":"wp","href":"https:\/\/api.w.org\/{rel}","templated":true}]}}